{"id":10,"date":"2018-11-20T21:23:09","date_gmt":"2018-11-20T20:23:09","guid":{"rendered":"http:\/\/hoppetossa.com\/kuben\/?page_id=10"},"modified":"2024-12-18T14:20:10","modified_gmt":"2024-12-18T13:20:10","slug":"ovrig-information","status":"publish","type":"page","link":"http:\/\/hoppetossa.com\/kuben\/ovrig-information\/","title":{"rendered":"F\u00f6rskola och hem"},"content":{"rendered":"\n<h1 class=\"wp-block-heading\">F\u00f6rskola och hem<\/h1>\n\n\n\n<div class=\"wp-block-jetpack-tiled-gallery aligncenter is-style-rectangular\"><div class=\"\"><div class=\"tiled-gallery__gallery\"><div class=\"tiled-gallery__row\"><div class=\"tiled-gallery__col\" style=\"flex-basis:40.13878%\"><figure class=\"tiled-gallery__item\"><img decoding=\"async\" data-attachment-id=\"86\" data-permalink=\"http:\/\/hoppetossa.com\/kuben\/en-plats-hos-oss\/skarmavbild-2018-12-05-kl-13-38-21\/\" data-orig-file=\"https:\/\/i0.wp.com\/hoppetossa.com\/kuben\/wp-content\/uploads\/sites\/9\/2018\/12\/skacc88rmavbild-2018-12-05-kl-13-38-21.png?fit=202%2C198\" data-orig-size=\"202,198\" data-comments-opened=\"0\" data-image-meta=\"{&quot;aperture&quot;:&quot;0&quot;,&quot;credit&quot;:&quot;&quot;,&quot;camera&quot;:&quot;&quot;,&quot;caption&quot;:&quot;&quot;,&quot;created_timestamp&quot;:&quot;0&quot;,&quot;copyright&quot;:&quot;&quot;,&quot;focal_length&quot;:&quot;0&quot;,&quot;iso&quot;:&quot;0&quot;,&quot;shutter_speed&quot;:&quot;0&quot;,&quot;title&quot;:&quot;&quot;,&quot;orientation&quot;:&quot;0&quot;}\" data-image-title=\"Ska\u0308rmavbild 2018-12-05 kl. 13.38.21\" data-image-description=\"\" data-image-caption=\"\" data-large-file=\"https:\/\/i0.wp.com\/hoppetossa.com\/kuben\/wp-content\/uploads\/sites\/9\/2018\/12\/skacc88rmavbild-2018-12-05-kl-13-38-21.png?fit=202%2C198\" data-attachment-id=\"86\" data-permalink=\"http:\/\/hoppetossa.com\/kuben\/en-plats-hos-oss\/skarmavbild-2018-12-05-kl-13-38-21\/\" data-orig-file=\"https:\/\/i0.wp.com\/hoppetossa.com\/kuben\/wp-content\/uploads\/sites\/9\/2018\/12\/skacc88rmavbild-2018-12-05-kl-13-38-21.png?fit=202%2C198\" data-orig-size=\"202,198\" data-comments-opened=\"0\" data-image-meta=\"{&quot;aperture&quot;:&quot;0&quot;,&quot;credit&quot;:&quot;&quot;,&quot;camera&quot;:&quot;&quot;,&quot;caption&quot;:&quot;&quot;,&quot;created_timestamp&quot;:&quot;0&quot;,&quot;copyright&quot;:&quot;&quot;,&quot;focal_length&quot;:&quot;0&quot;,&quot;iso&quot;:&quot;0&quot;,&quot;shutter_speed&quot;:&quot;0&quot;,&quot;title&quot;:&quot;&quot;,&quot;orientation&quot;:&quot;0&quot;}\" data-image-title=\"Ska\u0308rmavbild 2018-12-05 kl. 13.38.21\" data-image-description=\"\" data-image-caption=\"\" data-large-file=\"https:\/\/i0.wp.com\/hoppetossa.com\/kuben\/wp-content\/uploads\/sites\/9\/2018\/12\/skacc88rmavbild-2018-12-05-kl-13-38-21.png?fit=202%2C198\" role=\"button\" tabindex=\"0\" aria-label=\"\u00d6ppna bild 1 av 3 i fullsk\u00e4rm\"srcset=\"https:\/\/i0.wp.com\/hoppetossa.com\/kuben\/wp-content\/uploads\/sites\/9\/2018\/12\/skacc88rmavbild-2018-12-05-kl-13-38-21.png?strip=info&#038;w=202 202w\" alt=\"\" data-height=\"198\" data-id=\"86\" data-link=\"https:\/\/hoppetossa.com\/kuben\/en-plats-hos-oss\/skarmavbild-2018-12-05-kl-13-38-21\/\" data-url=\"http:\/\/hoppetossa.com\/kuben\/wp-content\/uploads\/sites\/9\/2018\/12\/skacc88rmavbild-2018-12-05-kl-13-38-21.png\" data-width=\"202\" src=\"https:\/\/i0.wp.com\/hoppetossa.com\/kuben\/wp-content\/uploads\/sites\/9\/2018\/12\/skacc88rmavbild-2018-12-05-kl-13-38-21.png\" data-amp-layout=\"responsive\" tabindex=\"0\" role=\"button\" aria-label=\"\u00d6ppna bild 1 av 3 i fullsk\u00e4rm\"\/><\/figure><figure class=\"tiled-gallery__item img-responsive\"><img decoding=\"async\" data-attachment-id=\"350\" data-permalink=\"http:\/\/hoppetossa.com\/kuben\/kuben-matematik\/\" data-orig-file=\"https:\/\/i0.wp.com\/hoppetossa.com\/kuben\/wp-content\/uploads\/sites\/9\/2022\/11\/kuben-matematik.png?fit=654%2C654\" data-orig-size=\"654,654\" data-comments-opened=\"1\" data-image-meta=\"{&quot;aperture&quot;:&quot;0&quot;,&quot;credit&quot;:&quot;&quot;,&quot;camera&quot;:&quot;&quot;,&quot;caption&quot;:&quot;&quot;,&quot;created_timestamp&quot;:&quot;0&quot;,&quot;copyright&quot;:&quot;&quot;,&quot;focal_length&quot;:&quot;0&quot;,&quot;iso&quot;:&quot;0&quot;,&quot;shutter_speed&quot;:&quot;0&quot;,&quot;title&quot;:&quot;&quot;,&quot;orientation&quot;:&quot;0&quot;}\" data-image-title=\"Kuben_matematik\" data-image-description=\"\" data-image-caption=\"\" data-large-file=\"https:\/\/i0.wp.com\/hoppetossa.com\/kuben\/wp-content\/uploads\/sites\/9\/2022\/11\/kuben-matematik.png?fit=654%2C654\" data-attachment-id=\"350\" data-permalink=\"http:\/\/hoppetossa.com\/kuben\/kuben-matematik\/\" data-orig-file=\"https:\/\/i0.wp.com\/hoppetossa.com\/kuben\/wp-content\/uploads\/sites\/9\/2022\/11\/kuben-matematik.png?fit=654%2C654\" data-orig-size=\"654,654\" data-comments-opened=\"1\" data-image-meta=\"{&quot;aperture&quot;:&quot;0&quot;,&quot;credit&quot;:&quot;&quot;,&quot;camera&quot;:&quot;&quot;,&quot;caption&quot;:&quot;&quot;,&quot;created_timestamp&quot;:&quot;0&quot;,&quot;copyright&quot;:&quot;&quot;,&quot;focal_length&quot;:&quot;0&quot;,&quot;iso&quot;:&quot;0&quot;,&quot;shutter_speed&quot;:&quot;0&quot;,&quot;title&quot;:&quot;&quot;,&quot;orientation&quot;:&quot;0&quot;}\" data-image-title=\"Kuben_matematik\" data-image-description=\"\" data-image-caption=\"\" data-large-file=\"https:\/\/i0.wp.com\/hoppetossa.com\/kuben\/wp-content\/uploads\/sites\/9\/2022\/11\/kuben-matematik.png?fit=654%2C654\" role=\"button\" tabindex=\"0\" aria-label=\"\u00d6ppna bild 2 av 3 i fullsk\u00e4rm\"srcset=\"https:\/\/i0.wp.com\/hoppetossa.com\/kuben\/wp-content\/uploads\/sites\/9\/2022\/11\/kuben-matematik.png?strip=info&#038;w=600 600w,https:\/\/i0.wp.com\/hoppetossa.com\/kuben\/wp-content\/uploads\/sites\/9\/2022\/11\/kuben-matematik.png?strip=info&#038;w=654 654w\" alt=\"\" data-height=\"654\" data-id=\"350\" data-link=\"https:\/\/hoppetossa.com\/kuben\/kuben-matematik\/\" data-url=\"http:\/\/hoppetossa.com\/kuben\/wp-content\/uploads\/sites\/9\/2022\/11\/kuben-matematik.png\" data-width=\"654\" src=\"https:\/\/i0.wp.com\/hoppetossa.com\/kuben\/wp-content\/uploads\/sites\/9\/2022\/11\/kuben-matematik.png\" data-amp-layout=\"responsive\" tabindex=\"0\" role=\"button\" aria-label=\"\u00d6ppna bild 2 av 3 i fullsk\u00e4rm\"\/><\/figure><\/div><div class=\"tiled-gallery__col img-responsive\" style=\"flex-basis:59.86122%\"><figure class=\"tiled-gallery__item\"><img decoding=\"async\" data-attachment-id=\"278\" data-permalink=\"http:\/\/hoppetossa.com\/kuben\/ovrig-information\/img_0881\/\" data-orig-file=\"https:\/\/i0.wp.com\/hoppetossa.com\/kuben\/wp-content\/uploads\/sites\/9\/2020\/04\/img_0881.jpg?fit=768%2C1024\" data-orig-size=\"768,1024\" data-comments-opened=\"0\" data-image-meta=\"{&quot;aperture&quot;:&quot;0&quot;,&quot;credit&quot;:&quot;&quot;,&quot;camera&quot;:&quot;&quot;,&quot;caption&quot;:&quot;&quot;,&quot;created_timestamp&quot;:&quot;1588017655&quot;,&quot;copyright&quot;:&quot;&quot;,&quot;focal_length&quot;:&quot;0&quot;,&quot;iso&quot;:&quot;0&quot;,&quot;shutter_speed&quot;:&quot;0&quot;,&quot;title&quot;:&quot;&quot;,&quot;orientation&quot;:&quot;1&quot;}\" data-image-title=\"IMG_0881\" data-image-description=\"\" data-image-caption=\"\" data-large-file=\"https:\/\/i0.wp.com\/hoppetossa.com\/kuben\/wp-content\/uploads\/sites\/9\/2020\/04\/img_0881.jpg?fit=768%2C1024\" data-attachment-id=\"278\" data-permalink=\"http:\/\/hoppetossa.com\/kuben\/ovrig-information\/img_0881\/\" data-orig-file=\"https:\/\/i0.wp.com\/hoppetossa.com\/kuben\/wp-content\/uploads\/sites\/9\/2020\/04\/img_0881.jpg?fit=768%2C1024\" data-orig-size=\"768,1024\" data-comments-opened=\"0\" data-image-meta=\"{&quot;aperture&quot;:&quot;0&quot;,&quot;credit&quot;:&quot;&quot;,&quot;camera&quot;:&quot;&quot;,&quot;caption&quot;:&quot;&quot;,&quot;created_timestamp&quot;:&quot;1588017655&quot;,&quot;copyright&quot;:&quot;&quot;,&quot;focal_length&quot;:&quot;0&quot;,&quot;iso&quot;:&quot;0&quot;,&quot;shutter_speed&quot;:&quot;0&quot;,&quot;title&quot;:&quot;&quot;,&quot;orientation&quot;:&quot;1&quot;}\" data-image-title=\"IMG_0881\" data-image-description=\"\" data-image-caption=\"\" data-large-file=\"https:\/\/i0.wp.com\/hoppetossa.com\/kuben\/wp-content\/uploads\/sites\/9\/2020\/04\/img_0881.jpg?fit=768%2C1024\" role=\"button\" tabindex=\"0\" aria-label=\"\u00d6ppna bild 3 av 3 i fullsk\u00e4rm\"srcset=\"https:\/\/i0.wp.com\/hoppetossa.com\/kuben\/wp-content\/uploads\/sites\/9\/2020\/04\/img_0881.jpg?strip=info&#038;w=600 600w,https:\/\/i0.wp.com\/hoppetossa.com\/kuben\/wp-content\/uploads\/sites\/9\/2020\/04\/img_0881.jpg?strip=info&#038;w=768 768w\" alt=\"\" data-height=\"1024\" data-id=\"278\" data-link=\"https:\/\/hoppetossa.com\/kuben\/ovrig-information\/img_0881\/\" data-url=\"http:\/\/hoppetossa.com\/kuben\/wp-content\/uploads\/sites\/9\/2020\/04\/img_0881.jpg\" data-width=\"768\" src=\"https:\/\/i0.wp.com\/hoppetossa.com\/kuben\/wp-content\/uploads\/sites\/9\/2020\/04\/img_0881.jpg\" data-amp-layout=\"responsive\" tabindex=\"0\" role=\"button\" aria-label=\"\u00d6ppna bild 3 av 3 i fullsk\u00e4rm\"\/><\/figure><\/div><\/div><\/div><\/div><\/div>\n\n\n\n<p>Vi v\u00e4rdes\u00e4tter och str\u00e4var efter att skapa ett n\u00e4ra samarbete mellan f\u00f6rskola och hem. Detta inneb\u00e4r att vi prioriterar dialog vid h\u00e4mtning och l\u00e4mning samt aktivt inkluderar barnens familjer i olika verksamhetsaktiviteter. Exempelvis kan barnens familjer delta i v\u00e5ra kulturaktiviteter genom att skicka med s\u00e5nger eller b\u00f6cker fr\u00e5n sina respektive kulturer.<\/p>\n\n\n\n<h1 class=\"wp-block-heading\">\u00d6ppettider<\/h1>\n\n\n\n<p>Kuben f\u00f6ljer Nacka kommuns riktlinjer.<\/p>\n\n\n\n<p>Vid inskrivning av nytt barn samt i b\u00f6rjan av varje termin samlar vi in v\u00e5rdnadshavares behov av barnomsorg f\u00f6r den kommande terminen. Sj\u00e4lvfallet g\u00e5r det att \u00e4ndra tider \u00e4ven under terminens g\u00e5ng. F\u00f6r permanenta f\u00f6r\u00e4ndringar ber vi dock att detta g\u00f6rs minst en m\u00e5nad i f\u00f6rv\u00e4g.<\/p>\n\n\n\n<p>V\u00e5rdnadshavare ansvarar f\u00f6r att den avtalade tiden h\u00e5lls.<\/p>\n\n\n\n<h1 class=\"wp-block-heading\">K\u00f6regler<\/h1>\n\n\n\n<p>V\u00e5r f\u00f6rskola&nbsp;\u00e4r med i Nacka kommuns gemensamma k\u00f6, vilket inneb\u00e4r att vi f\u00f6ljer Nacka kommuns urvalsregler. V\u00e5r k\u00f6 hittar ni h\u00e4r:&nbsp;<a href=\"http:\/\/hoppetossa.com\/kuben\/en-plats-hos-oss\/\">http:\/\/hoppetossa.com\/kuben\/en-plats-hos-oss\/<\/a>.<\/p>\n\n\n\n<h1 class=\"wp-block-heading\">M\u00e5nadsavgift<\/h1>\n\n\n\n<p>M\u00e5nadsavgiften f\u00f6ljer den kommunala maxtaxan, och administreras av Nacka kommun.&nbsp; N\u00e5gon avgift\/kostnad ut\u00f6ver maxtaxan f\u00e5r inte tas ut f\u00f6r en plats i f\u00f6rskolan, och detta g\u00f6r vi sj\u00e4lvfallet&nbsp;<strong>inte<\/strong>&nbsp;i v\u00e5r f\u00f6rskola.<\/p>\n\n\n\n<h1 class=\"wp-block-heading\">Upps\u00e4gningstid<\/h1>\n\n\n\n<p>En v\u00e5rdnadshavares upps\u00e4gningstid av sitt barns plats i en f\u00f6rskola \u00e4r en m\u00e5nad. Man betalar m\u00e5nadsavgift under upps\u00e4gningstiden.<\/p>\n\n\n\n<h1 class=\"wp-block-heading\">Olycksfallsf\u00f6rs\u00e4kring<\/h1>\n\n\n\n<p class=\"s-text\">Alla barn i Nacka omfattas av en kollektiv olycksfallsf\u00f6rs\u00e4kring som g\u00e4ller under skoltid och fritid. V\u00e5rdnadshavare anm\u00e4ler olycksfall via f\u00f6rs\u00e4kringsbolagets\u00a0hemsida. D\u00e4r finns \u00e4ven information om villkor och produktblad samt kontaktuppgifter till f\u00f6rs\u00e4kringsbolaget.<\/p>\n\n\n\n<p class=\"s-text\">Har du fr\u00e5gor om Nacka kommuns f\u00f6rs\u00e4kringar?<br>Kontakta s\u00e4kerhetssamordnare&nbsp;<a title=\"mailto:jan.landstrom@nacka.se\" contenteditable=\"false\" href=\"mailto:jan.landstrom@nacka.se\">Jan Landstr\u00f6m<\/a>, telefon 08-718 80 00.<\/p>\n\n\n\n<p class=\"s-text\">Nacka kommun har tecknat f\u00f6rs\u00e4kringar genom Stockholmsregionens F\u00f6rs\u00e4kring AB.<\/p>\n","protected":false},"excerpt":{"rendered":"<p>F\u00f6rskola och hem Vi v\u00e4rdes\u00e4tter och str\u00e4var efter att skapa ett n\u00e4ra samarbete mellan f\u00f6rskola och hem. Detta inneb\u00e4r att&hellip; <a class=\"read-more\" href=\"http:\/\/hoppetossa.com\/kuben\/ovrig-information\/\">L\u00e4s mera<\/a><\/p>\n","protected":false},"author":5,"featured_media":0,"parent":0,"menu_order":0,"comment_status":"closed","ping_status":"closed","template":"","meta":{"_acf_changed":false,"_monsterinsights_skip_tracking":false,"_monsterinsights_sitenote_active":false,"_monsterinsights_sitenote_note":"","_monsterinsights_sitenote_category":0,"jetpack_post_was_ever_published":false,"footnotes":""},"class_list":["post-10","page","type-page","status-publish","hentry"],"acf":[],"yoast_head":"<!-- This site is optimized with the Yoast SEO plugin v27.5 - https:\/\/yoast.com\/product\/yoast-seo-wordpress\/ -->\n<title>F\u00f6rskola och hem - F\u00f6rskolan Kuben<\/title>\n<meta name=\"robots\" content=\"index, follow, max-snippet:-1, max-image-preview:large, max-video-preview:-1\" \/>\n<link rel=\"canonical\" href=\"http:\/\/hoppetossa.com\/kuben\/ovrig-information\/\" \/>\n<meta property=\"og:locale\" content=\"sv_SE\" \/>\n<meta property=\"og:type\" content=\"article\" \/>\n<meta property=\"og:title\" content=\"F\u00f6rskola och hem - F\u00f6rskolan Kuben\" \/>\n<meta property=\"og:description\" content=\"F\u00f6rskola och hem Vi v\u00e4rdes\u00e4tter och str\u00e4var efter att skapa ett n\u00e4ra samarbete mellan f\u00f6rskola och hem. Detta inneb\u00e4r att&hellip; L\u00e4s mera\" \/>\n<meta property=\"og:url\" content=\"http:\/\/hoppetossa.com\/kuben\/ovrig-information\/\" \/>\n<meta property=\"og:site_name\" content=\"F\u00f6rskolan Kuben\" \/>\n<meta property=\"article:modified_time\" content=\"2024-12-18T13:20:10+00:00\" \/>\n<meta property=\"og:image\" content=\"https:\/\/i0.wp.com\/hoppetossa.com\/kuben\/wp-content\/uploads\/sites\/9\/2018\/12\/skacc88rmavbild-2018-12-05-kl-13-38-21.png\" \/>\n<meta name=\"twitter:card\" content=\"summary_large_image\" \/>\n<meta name=\"twitter:label1\" content=\"Ber\u00e4knad l\u00e4stid\" \/>\n\t<meta name=\"twitter:data1\" content=\"2 minuter\" \/>\n<script type=\"application\/ld+json\" class=\"yoast-schema-graph\">{\"@context\":\"https:\\\/\\\/schema.org\",\"@graph\":[{\"@type\":\"WebPage\",\"@id\":\"http:\\\/\\\/hoppetossa.com\\\/kuben\\\/ovrig-information\\\/\",\"url\":\"http:\\\/\\\/hoppetossa.com\\\/kuben\\\/ovrig-information\\\/\",\"name\":\"F\u00f6rskola och hem - F\u00f6rskolan Kuben\",\"isPartOf\":{\"@id\":\"https:\\\/\\\/hoppetossa.com\\\/kuben\\\/#website\"},\"primaryImageOfPage\":{\"@id\":\"http:\\\/\\\/hoppetossa.com\\\/kuben\\\/ovrig-information\\\/#primaryimage\"},\"image\":{\"@id\":\"http:\\\/\\\/hoppetossa.com\\\/kuben\\\/ovrig-information\\\/#primaryimage\"},\"thumbnailUrl\":\"https:\\\/\\\/i0.wp.com\\\/hoppetossa.com\\\/kuben\\\/wp-content\\\/uploads\\\/sites\\\/9\\\/2018\\\/12\\\/skacc88rmavbild-2018-12-05-kl-13-38-21.png\",\"datePublished\":\"2018-11-20T20:23:09+00:00\",\"dateModified\":\"2024-12-18T13:20:10+00:00\",\"breadcrumb\":{\"@id\":\"http:\\\/\\\/hoppetossa.com\\\/kuben\\\/ovrig-information\\\/#breadcrumb\"},\"inLanguage\":\"sv-SE\",\"potentialAction\":[{\"@type\":\"ReadAction\",\"target\":[\"http:\\\/\\\/hoppetossa.com\\\/kuben\\\/ovrig-information\\\/\"]}]},{\"@type\":\"ImageObject\",\"inLanguage\":\"sv-SE\",\"@id\":\"http:\\\/\\\/hoppetossa.com\\\/kuben\\\/ovrig-information\\\/#primaryimage\",\"url\":\"https:\\\/\\\/i0.wp.com\\\/hoppetossa.com\\\/kuben\\\/wp-content\\\/uploads\\\/sites\\\/9\\\/2018\\\/12\\\/skacc88rmavbild-2018-12-05-kl-13-38-21.png\",\"contentUrl\":\"https:\\\/\\\/i0.wp.com\\\/hoppetossa.com\\\/kuben\\\/wp-content\\\/uploads\\\/sites\\\/9\\\/2018\\\/12\\\/skacc88rmavbild-2018-12-05-kl-13-38-21.png\"},{\"@type\":\"BreadcrumbList\",\"@id\":\"http:\\\/\\\/hoppetossa.com\\\/kuben\\\/ovrig-information\\\/#breadcrumb\",\"itemListElement\":[{\"@type\":\"ListItem\",\"position\":1,\"name\":\"Hem\",\"item\":\"https:\\\/\\\/hoppetossa.com\\\/kuben\\\/\"},{\"@type\":\"ListItem\",\"position\":2,\"name\":\"F\u00f6rskola och hem\"}]},{\"@type\":\"WebSite\",\"@id\":\"https:\\\/\\\/hoppetossa.com\\\/kuben\\\/#website\",\"url\":\"https:\\\/\\\/hoppetossa.com\\\/kuben\\\/\",\"name\":\"F\u00f6rskolan Kuben\",\"description\":\"Hoppetossa f\u00f6rskolor\",\"potentialAction\":[{\"@type\":\"SearchAction\",\"target\":{\"@type\":\"EntryPoint\",\"urlTemplate\":\"https:\\\/\\\/hoppetossa.com\\\/kuben\\\/?s={search_term_string}\"},\"query-input\":{\"@type\":\"PropertyValueSpecification\",\"valueRequired\":true,\"valueName\":\"search_term_string\"}}],\"inLanguage\":\"sv-SE\"}]}<\/script>\n<!-- \/ Yoast SEO plugin. -->","yoast_head_json":{"title":"F\u00f6rskola och hem - F\u00f6rskolan Kuben","robots":{"index":"index","follow":"follow","max-snippet":"max-snippet:-1","max-image-preview":"max-image-preview:large","max-video-preview":"max-video-preview:-1"},"canonical":"http:\/\/hoppetossa.com\/kuben\/ovrig-information\/","og_locale":"sv_SE","og_type":"article","og_title":"F\u00f6rskola och hem - F\u00f6rskolan Kuben","og_description":"F\u00f6rskola och hem Vi v\u00e4rdes\u00e4tter och str\u00e4var efter att skapa ett n\u00e4ra samarbete mellan f\u00f6rskola och hem. Detta inneb\u00e4r att&hellip; L\u00e4s mera","og_url":"http:\/\/hoppetossa.com\/kuben\/ovrig-information\/","og_site_name":"F\u00f6rskolan Kuben","article_modified_time":"2024-12-18T13:20:10+00:00","og_image":[{"url":"https:\/\/i0.wp.com\/hoppetossa.com\/kuben\/wp-content\/uploads\/sites\/9\/2018\/12\/skacc88rmavbild-2018-12-05-kl-13-38-21.png","type":"","width":"","height":""}],"twitter_card":"summary_large_image","twitter_misc":{"Ber\u00e4knad l\u00e4stid":"2 minuter"},"schema":{"@context":"https:\/\/schema.org","@graph":[{"@type":"WebPage","@id":"http:\/\/hoppetossa.com\/kuben\/ovrig-information\/","url":"http:\/\/hoppetossa.com\/kuben\/ovrig-information\/","name":"F\u00f6rskola och hem - F\u00f6rskolan Kuben","isPartOf":{"@id":"https:\/\/hoppetossa.com\/kuben\/#website"},"primaryImageOfPage":{"@id":"http:\/\/hoppetossa.com\/kuben\/ovrig-information\/#primaryimage"},"image":{"@id":"http:\/\/hoppetossa.com\/kuben\/ovrig-information\/#primaryimage"},"thumbnailUrl":"https:\/\/i0.wp.com\/hoppetossa.com\/kuben\/wp-content\/uploads\/sites\/9\/2018\/12\/skacc88rmavbild-2018-12-05-kl-13-38-21.png","datePublished":"2018-11-20T20:23:09+00:00","dateModified":"2024-12-18T13:20:10+00:00","breadcrumb":{"@id":"http:\/\/hoppetossa.com\/kuben\/ovrig-information\/#breadcrumb"},"inLanguage":"sv-SE","potentialAction":[{"@type":"ReadAction","target":["http:\/\/hoppetossa.com\/kuben\/ovrig-information\/"]}]},{"@type":"ImageObject","inLanguage":"sv-SE","@id":"http:\/\/hoppetossa.com\/kuben\/ovrig-information\/#primaryimage","url":"https:\/\/i0.wp.com\/hoppetossa.com\/kuben\/wp-content\/uploads\/sites\/9\/2018\/12\/skacc88rmavbild-2018-12-05-kl-13-38-21.png","contentUrl":"https:\/\/i0.wp.com\/hoppetossa.com\/kuben\/wp-content\/uploads\/sites\/9\/2018\/12\/skacc88rmavbild-2018-12-05-kl-13-38-21.png"},{"@type":"BreadcrumbList","@id":"http:\/\/hoppetossa.com\/kuben\/ovrig-information\/#breadcrumb","itemListElement":[{"@type":"ListItem","position":1,"name":"Hem","item":"https:\/\/hoppetossa.com\/kuben\/"},{"@type":"ListItem","position":2,"name":"F\u00f6rskola och hem"}]},{"@type":"WebSite","@id":"https:\/\/hoppetossa.com\/kuben\/#website","url":"https:\/\/hoppetossa.com\/kuben\/","name":"F\u00f6rskolan Kuben","description":"Hoppetossa f\u00f6rskolor","potentialAction":[{"@type":"SearchAction","target":{"@type":"EntryPoint","urlTemplate":"https:\/\/hoppetossa.com\/kuben\/?s={search_term_string}"},"query-input":{"@type":"PropertyValueSpecification","valueRequired":true,"valueName":"search_term_string"}}],"inLanguage":"sv-SE"}]}},"jetpack_sharing_enabled":true,"jetpack_shortlink":"https:\/\/wp.me\/PasYQ5-a","jetpack-related-posts":[{"id":67,"url":"http:\/\/hoppetossa.com\/kuben\/en-plats-hos-oss\/","url_meta":{"origin":10,"position":0},"title":"En plats hos oss","author":"Hoppetossa F\u00f6rskolor","date":"5 december, 2018","format":false,"excerpt":"En plats hos oss \/ St\u00e4ll ditt barn i k\u00f6 Kontakta oss g\u00e4rna f\u00f6r mer information: 076 007 98 25 eller kuben@hoppetossa.com. Vi finns med i Nacka kommuns gemensamma k\u00f6 under namnet\u00a0Kuben Hoppetossa. H\u00e4r hittar ni den gemensamma k\u00f6n:\u00a0https:\/\/www.nacka.se\/forskola-skola\/forskola-och-pedagogisk-omsorg\/ansok-om-plats-forskola\/\u00a0\u00a0 V\u00e4lkomna! A place with us \/ Put your child in the\u2026","rel":"","context":"Liknande inl\u00e4gg","block_context":{"text":"Liknande inl\u00e4gg","link":""},"img":{"alt_text":"","src":"https:\/\/i0.wp.com\/hoppetossa.com\/kuben\/wp-content\/uploads\/sites\/9\/2018\/12\/kuben-3-150x150.png?resize=350%2C200","width":350,"height":200},"classes":[]},{"id":370,"url":"http:\/\/hoppetossa.com\/kuben\/vision-karnvarden\/","url_meta":{"origin":10,"position":1},"title":"Vision &#038; K\u00e4rnv\u00e4rden","author":"Hoppetossa F\u00f6rskolor","date":"10 mars, 2024","format":false,"excerpt":"Vision och k\u00e4rnv\u00e4rden Vi str\u00e4var efter att ge barnen s\u00e5 mycket inflytande som m\u00f6jligt inom v\u00e5r verksamhet. Detta uppn\u00e5r vi genom att uppmuntra dem att bidra med f\u00f6rslag och id\u00e9er till olika aktiviteter samt till exempel ink\u00f6p f\u00f6r avdelningen. Vi v\u00e4rdes\u00e4tter och str\u00e4var efter att skapa ett n\u00e4ra samarbete mellan\u2026","rel":"","context":"Liknande inl\u00e4gg","block_context":{"text":"Liknande inl\u00e4gg","link":""},"img":{"alt_text":"","src":"https:\/\/i0.wp.com\/hoppetossa.com\/kuben\/wp-content\/uploads\/sites\/9\/2024\/12\/img-2507.jpg?resize=350%2C200","width":350,"height":200,"srcset":"https:\/\/i0.wp.com\/hoppetossa.com\/kuben\/wp-content\/uploads\/sites\/9\/2024\/12\/img-2507.jpg?resize=350%2C200 1x, https:\/\/i0.wp.com\/hoppetossa.com\/kuben\/wp-content\/uploads\/sites\/9\/2024\/12\/img-2507.jpg?resize=525%2C300 1.5x, https:\/\/i0.wp.com\/hoppetossa.com\/kuben\/wp-content\/uploads\/sites\/9\/2024\/12\/img-2507.jpg?resize=700%2C400 2x"},"classes":[]},{"id":58,"url":"http:\/\/hoppetossa.com\/kuben\/pedagogik-och-verksamhet-2\/","url_meta":{"origin":10,"position":2},"title":"Pedagogik och verksamhet","author":"Hoppetossa F\u00f6rskolor","date":"5 december, 2018","format":false,"excerpt":"Pedagogik och verksamhet Kuben \u00e4r en liten f\u00f6rskola bel\u00e4gen i Jarlaberg, med direkt anslutning till Stockholms inlopp och Nyckelvikens naturreservat. Kuben har tv\u00e5 hemvister Kottarna (ungef\u00e4r 4-6 \u00e5r) samt Fr\u00f6na (ungef\u00e4r 1-3 \u00e5r), i tv\u00e5 separata hus med en liten g\u00e5ngv\u00e4g emellan. Projektinriktat arbetss\u00e4tt Vi har ett projektinriktat arbetss\u00e4tt f\u00f6r\u2026","rel":"","context":"Liknande inl\u00e4gg","block_context":{"text":"Liknande inl\u00e4gg","link":""},"img":{"alt_text":"","src":"https:\/\/i0.wp.com\/hoppetossa.com\/kuben\/wp-content\/uploads\/sites\/9\/2019\/04\/frocc88na-1.jpg?resize=350%2C200","width":350,"height":200,"srcset":"https:\/\/i0.wp.com\/hoppetossa.com\/kuben\/wp-content\/uploads\/sites\/9\/2019\/04\/frocc88na-1.jpg?resize=350%2C200 1x, https:\/\/i0.wp.com\/hoppetossa.com\/kuben\/wp-content\/uploads\/sites\/9\/2019\/04\/frocc88na-1.jpg?resize=525%2C300 1.5x, https:\/\/i0.wp.com\/hoppetossa.com\/kuben\/wp-content\/uploads\/sites\/9\/2019\/04\/frocc88na-1.jpg?resize=700%2C400 2x, https:\/\/i0.wp.com\/hoppetossa.com\/kuben\/wp-content\/uploads\/sites\/9\/2019\/04\/frocc88na-1.jpg?resize=1050%2C600 3x"},"classes":[]},{"id":9,"url":"http:\/\/hoppetossa.com\/kuben\/synpunkter-och-forslag\/","url_meta":{"origin":10,"position":3},"title":"Klagom\u00e5l och synpunkter","author":"Admin","date":"20 november, 2018","format":false,"excerpt":"Klagom\u00e5l och synpunkter Vi har som m\u00e5l att erbjuda god kvalitet i v\u00e5r verksamhet. Inget \u00e4r s\u00e5 bra att det inte kan bli b\u00e4ttre och synpunkter och klagom\u00e5l bidrar till att utveckla verksamheten. Ge oss m\u00f6jligheten att r\u00e4tta till fel och brister genom att tala om vad\u00a0det \u00e4r\u00a0som\u00a0du inte \u00e4r\u2026","rel":"","context":"Liknande inl\u00e4gg","block_context":{"text":"Liknande inl\u00e4gg","link":""},"img":{"alt_text":"","src":"https:\/\/i0.wp.com\/hoppetossa.com\/kuben\/wp-content\/uploads\/sites\/9\/2018\/12\/kuben-2-150x150.png?resize=350%2C200","width":350,"height":200},"classes":[]},{"id":8,"url":"http:\/\/hoppetossa.com\/kuben\/kontakt-och-hitta-hit\/","url_meta":{"origin":10,"position":4},"title":"Kontakt och hitta hit","author":"Admin","date":"20 november, 2018","format":false,"excerpt":"Kontakt och hitta hit F\u00f6rskolan Hoppetossa KubenDiligensv\u00e4gen 34131 48 Nacka Rutiner vid klagom\u00e5l Kontaktuppgifter till platsansvarig: 076-007 98 25 Kontaktuppgifter till v\u00e5ra avdelningar:\u00a0Avd. Fr\u00f6na:\u00a0076 007 98 25\u00a0Avd. Kottarna:\u00a0076 007 98 23 Kontaktuppgifter till v\u00e5r rektor: kuben@hoppetossa.com \u00d6vrigt:Facebook-sidaK\u00f6Hur hittar du till oss? Med kollektivtrafik:\u00a0N\u00e4rmsta bussh\u00e5llplats \u00e4r Jarlaberg, dit \u00e4r det knappt\u2026","rel":"","context":"Liknande inl\u00e4gg","block_context":{"text":"Liknande inl\u00e4gg","link":""},"img":{"alt_text":"","src":"https:\/\/i0.wp.com\/hoppetossa.com\/kuben\/wp-content\/uploads\/sites\/9\/2018\/12\/karta-kuben-293x300.png?resize=350%2C200","width":350,"height":200},"classes":[]}],"_links":{"self":[{"href":"http:\/\/hoppetossa.com\/kuben\/wp-json\/wp\/v2\/pages\/10","targetHints":{"allow":["GET"]}}],"collection":[{"href":"http:\/\/hoppetossa.com\/kuben\/wp-json\/wp\/v2\/pages"}],"about":[{"href":"http:\/\/hoppetossa.com\/kuben\/wp-json\/wp\/v2\/types\/page"}],"author":[{"embeddable":true,"href":"http:\/\/hoppetossa.com\/kuben\/wp-json\/wp\/v2\/users\/5"}],"replies":[{"embeddable":true,"href":"http:\/\/hoppetossa.com\/kuben\/wp-json\/wp\/v2\/comments?post=10"}],"version-history":[{"count":8,"href":"http:\/\/hoppetossa.com\/kuben\/wp-json\/wp\/v2\/pages\/10\/revisions"}],"predecessor-version":[{"id":412,"href":"http:\/\/hoppetossa.com\/kuben\/wp-json\/wp\/v2\/pages\/10\/revisions\/412"}],"wp:attachment":[{"href":"http:\/\/hoppetossa.com\/kuben\/wp-json\/wp\/v2\/media?parent=10"}],"curies":[{"name":"wp","href":"https:\/\/api.w.org\/{rel}","templated":true}]}}